{"id":1566,"date":"2023-01-17T17:26:41","date_gmt":"2023-01-17T16:26:41","guid":{"rendered":"https:\/\/2023.feichtner-maschinenbau.de\/produits\/"},"modified":"2023-09-20T07:37:43","modified_gmt":"2023-09-20T05:37:43","slug":"produits","status":"publish","type":"page","link":"https:\/\/feichtner-maschinenbau.de\/fr\/produits\/","title":{"rendered":"Produits"},"content":{"rendered":"\t\t<div data-elementor-type=\"wp-page\" data-elementor-id=\"1566\" class=\"elementor elementor-1566 elementor-333\" data-elementor-post-type=\"page\">\n\t\t\t\t\t\t<section data-particle_enable=\"false\" data-particle-mobile-disabled=\"false\" class=\"elementor-section elementor-top-section elementor-element elementor-element-ed9a842 elementor-section-full_width elementor-section-height-default elementor-section-height-default\" data-id=\"ed9a842\" data-element_type=\"section\">\n\t\t\t\t\t\t<div class=\"elementor-container elementor-column-gap-no\">\n\t\t\t\t\t<div class=\"elementor-column elementor-col-100 elementor-top-column elementor-element elementor-element-e932a57\" data-id=\"e932a57\" data-element_type=\"column\">\n\t\t\t<div class=\"elementor-widget-wrap elementor-element-populated\">\n\t\t\t\t\t\t<div class=\"elementor-element elementor-element-ca96d6e elementor-widget elementor-widget-image\" data-id=\"ca96d6e\" data-element_type=\"widget\" data-widget_type=\"image.default\">\n\t\t\t\t<div class=\"elementor-widget-container\">\n\t\t\t\t\t\t\t\t\t\t\t\t\t\t\t<img fetchpriority=\"high\" decoding=\"async\" width=\"1920\" height=\"650\" src=\"https:\/\/feichtner-maschinenbau.de\/wp-content\/uploads\/produkte_header.jpg\" class=\"attachment-full size-full wp-image-1324\" alt srcset=\"https:\/\/feichtner-maschinenbau.de\/wp-content\/uploads\/produkte_header.jpg 1920w, https:\/\/feichtner-maschinenbau.de\/wp-content\/uploads\/produkte_header-300x102.jpg 300w, https:\/\/feichtner-maschinenbau.de\/wp-content\/uploads\/produkte_header-1024x347.jpg 1024w, https:\/\/feichtner-maschinenbau.de\/wp-content\/uploads\/produkte_header-768x260.jpg 768w, https:\/\/feichtner-maschinenbau.de\/wp-content\/uploads\/produkte_header-1536x520.jpg 1536w\" sizes=\"(max-width: 1920px) 100vw, 1920px\">\t\t\t\t\t\t\t\t\t\t\t\t\t\t\t<\/div>\n\t\t\t\t<\/div>\n\t\t\t\t<div class=\"elementor-element elementor-element-548ea48 elementor-widget elementor-widget-template\" data-id=\"548ea48\" data-element_type=\"widget\" data-widget_type=\"template.default\">\n\t\t\t\t<div class=\"elementor-widget-container\">\n\t\t\t\t\t\t\t<div class=\"elementor-template\">\n\t\t\t\t\t<div data-elementor-type=\"section\" data-elementor-id=\"2593\" class=\"elementor elementor-2593\" data-elementor-post-type=\"elementor_library\">\n\t\t\t\t\t<section data-particle_enable=\"false\" data-particle-mobile-disabled=\"false\" class=\"elementor-section elementor-top-section elementor-element elementor-element-334abd7f elementor-section-full_width elementor-section-height-default elementor-section-height-default\" data-id=\"334abd7f\" data-element_type=\"section\">\n\t\t\t\t\t\t<div class=\"elementor-container elementor-column-gap-default\">\n\t\t\t\t\t<div class=\"elementor-column elementor-col-100 elementor-top-column elementor-element elementor-element-25a9401f\" data-id=\"25a9401f\" data-element_type=\"column\">\n\t\t\t<div class=\"elementor-widget-wrap elementor-element-populated\">\n\t\t\t\t\t\t<div class=\"elementor-element elementor-element-66ab5189 elementor-align-right elementor-fixed e-transform elementor-widget elementor-widget-button\" data-id=\"66ab5189\" data-element_type=\"widget\" data-settings=\"{&quot;_position&quot;:&quot;fixed&quot;,&quot;_transform_rotateZ_effect&quot;:{&quot;unit&quot;:&quot;px&quot;,&quot;size&quot;:90,&quot;sizes&quot;:[]},&quot;_transform_rotateZ_effect_tablet&quot;:{&quot;unit&quot;:&quot;deg&quot;,&quot;size&quot;:&quot;&quot;,&quot;sizes&quot;:[]},&quot;_transform_rotateZ_effect_mobile&quot;:{&quot;unit&quot;:&quot;deg&quot;,&quot;size&quot;:&quot;&quot;,&quot;sizes&quot;:[]}}\" data-widget_type=\"button.default\">\n\t\t\t\t<div class=\"elementor-widget-container\">\n\t\t\t\t\t\t\t\t\t<div class=\"elementor-button-wrapper\">\n\t\t\t\t\t<a class=\"elementor-button elementor-button-link elementor-size-sm\" href=\"\/wp-content\/uploads\/Preisliste-2023.pdf\">\n\t\t\t\t\t\t<span class=\"elementor-button-content-wrapper\">\n\t\t\t\t\t\t\t\t\t<span class=\"elementor-button-text\">Preis\u00adliste<\/span>\n\t\t\t\t\t<\/span>\n\t\t\t\t\t<\/a>\n\t\t\t\t<\/div>\n\t\t\t\t\t\t\t\t<\/div>\n\t\t\t\t<\/div>\n\t\t\t\t\t<\/div>\n\t\t<\/div>\n\t\t\t\t\t<\/div>\n\t\t<\/section>\n\t\t\t\t<\/div>\n\t\t\t\t<\/div>\n\t\t\t\t\t\t<\/div>\n\t\t\t\t<\/div>\n\t\t\t\t<div class=\"elementor-element elementor-element-ce5ee84 elementor-widget elementor-widget-template\" data-id=\"ce5ee84\" data-element_type=\"widget\" data-widget_type=\"template.default\">\n\t\t\t\t<div class=\"elementor-widget-container\">\n\t\t\t\t\t\t\t<div class=\"elementor-template\">\n\t\t\t\t\t<div data-elementor-type=\"section\" data-elementor-id=\"2593\" class=\"elementor elementor-2593\" data-elementor-post-type=\"elementor_library\">\n\t\t\t\t\t<section data-particle_enable=\"false\" data-particle-mobile-disabled=\"false\" class=\"elementor-section elementor-top-section elementor-element elementor-element-334abd7f elementor-section-full_width elementor-section-height-default elementor-section-height-default\" data-id=\"334abd7f\" data-element_type=\"section\">\n\t\t\t\t\t\t<div class=\"elementor-container elementor-column-gap-default\">\n\t\t\t\t\t<div class=\"elementor-column elementor-col-100 elementor-top-column elementor-element elementor-element-25a9401f\" data-id=\"25a9401f\" data-element_type=\"column\">\n\t\t\t<div class=\"elementor-widget-wrap elementor-element-populated\">\n\t\t\t\t\t\t<div class=\"elementor-element elementor-element-66ab5189 elementor-align-right elementor-fixed e-transform elementor-widget elementor-widget-button\" data-id=\"66ab5189\" data-element_type=\"widget\" data-settings=\"{&quot;_position&quot;:&quot;fixed&quot;,&quot;_transform_rotateZ_effect&quot;:{&quot;unit&quot;:&quot;px&quot;,&quot;size&quot;:90,&quot;sizes&quot;:[]},&quot;_transform_rotateZ_effect_tablet&quot;:{&quot;unit&quot;:&quot;deg&quot;,&quot;size&quot;:&quot;&quot;,&quot;sizes&quot;:[]},&quot;_transform_rotateZ_effect_mobile&quot;:{&quot;unit&quot;:&quot;deg&quot;,&quot;size&quot;:&quot;&quot;,&quot;sizes&quot;:[]}}\" data-widget_type=\"button.default\">\n\t\t\t\t<div class=\"elementor-widget-container\">\n\t\t\t\t\t\t\t\t\t<div class=\"elementor-button-wrapper\">\n\t\t\t\t\t<a class=\"elementor-button elementor-button-link elementor-size-sm\" href=\"\/wp-content\/uploads\/Preisliste-2023.pdf\">\n\t\t\t\t\t\t<span class=\"elementor-button-content-wrapper\">\n\t\t\t\t\t\t\t\t\t<span class=\"elementor-button-text\">Preis\u00adliste<\/span>\n\t\t\t\t\t<\/span>\n\t\t\t\t\t<\/a>\n\t\t\t\t<\/div>\n\t\t\t\t\t\t\t\t<\/div>\n\t\t\t\t<\/div>\n\t\t\t\t\t<\/div>\n\t\t<\/div>\n\t\t\t\t\t<\/div>\n\t\t<\/section>\n\t\t\t\t<\/div>\n\t\t\t\t<\/div>\n\t\t\t\t\t\t<\/div>\n\t\t\t\t<\/div>\n\t\t\t\t\t<\/div>\n\t\t<\/div>\n\t\t\t\t\t<\/div>\n\t\t<\/section>\n\t\t\t\t<section data-particle_enable=\"false\" data-particle-mobile-disabled=\"false\" class=\"elementor-section elementor-top-section elementor-element elementor-element-44f0499 elementor-section-full_width elementor-section-height-default elementor-section-height-default\" data-id=\"44f0499\" data-element_type=\"section\">\n\t\t\t\t\t\t<div class=\"elementor-container elementor-column-gap-no\">\n\t\t\t\t\t<div class=\"elementor-column elementor-col-100 elementor-top-column elementor-element elementor-element-6b7182b\" data-id=\"6b7182b\" data-element_type=\"column\">\n\t\t\t<div class=\"elementor-widget-wrap elementor-element-populated\">\n\t\t\t\t\t\t<div class=\"elementor-element elementor-element-0ee7d7c elementor-widget elementor-widget-heading\" data-id=\"0ee7d7c\" data-element_type=\"widget\" data-widget_type=\"heading.default\">\n\t\t\t\t<div class=\"elementor-widget-container\">\n\t\t\t\t\t<h1 class=\"elementor-heading-title elementor-size-default\">Nos produits pour les menuiseries et le travail du bois \u2014 Feichtner Maschinenbau<\/h1>\t\t\t\t<\/div>\n\t\t\t\t<\/div>\n\t\t\t\t<div class=\"elementor-element elementor-element-625e91d elementor-widget elementor-widget-text-editor\" data-id=\"625e91d\" data-element_type=\"widget\" data-widget_type=\"text-editor.default\">\n\t\t\t\t<div class=\"elementor-widget-container\">\n\t\t\t\t\t\t\t\t\t<p>Depuis plus de 30 ans, nous d\u00e9velop\u00adpons et pro\u00adduisons \u00e0 Feicht\u00aden an der Alz des solu\u00adtions de machines de pre\u00admi\u00e8re classe pour les menuisiers et le traite\u00adment du bois ain\u00adsi que pour les entre\u00adpris\u00ades dans le domaine des meubles, des portes et des fen\u00eatres, ain\u00adsi que des com\u00adposants en bois.<\/p>\n<p>Nos dis\u00adposi\u00adtifs per\u00adme\u00adt\u00adtent de fab\u00adri\u00adquer en peu de temps des fen\u00eatres, des cadres, des van\u00adtaux de portes et des \u00e9l\u00e9\u00adments d\u2019ar\u00admoires entiers, bien, rapi\u00adde\u00adment et avec une pr\u00e9\u00adci\u00adsion d\u2019a\u00adjuste\u00adment absolue.<br>Pour en savoir plus, con\u00adsul\u00adtez notre aper\u00e7u des pro\u00adduits.<\/p>\t\t\t\t\t\t\t\t<\/div>\n\t\t\t\t<\/div>\n\t\t\t\t\t<\/div>\n\t\t<\/div>\n\t\t\t\t\t<\/div>\n\t\t<\/section>\n\t\t\t\t<section data-particle_enable=\"false\" data-particle-mobile-disabled=\"false\" class=\"elementor-section elementor-top-section elementor-element elementor-element-7f897ab elementor-section-full_width elementor-section-height-default elementor-section-height-default\" data-id=\"7f897ab\" data-element_type=\"section\" data-settings=\"{&quot;background_background&quot;:&quot;classic&quot;}\">\n\t\t\t\t\t\t<div class=\"elementor-container elementor-column-gap-no\">\n\t\t\t\t\t<div class=\"elementor-column elementor-col-100 elementor-top-column elementor-element elementor-element-8143fcd\" data-id=\"8143fcd\" data-element_type=\"column\">\n\t\t\t<div class=\"elementor-widget-wrap elementor-element-populated\">\n\t\t\t\t\t\t<section data-particle_enable=\"false\" data-particle-mobile-disabled=\"false\" class=\"elementor-section elementor-inner-section elementor-element elementor-element-d8b8a51 elementor-section-full_width elementor-section-height-default elementor-section-height-default\" data-id=\"d8b8a51\" data-element_type=\"section\">\n\t\t\t\t\t\t<div class=\"elementor-container elementor-column-gap-no\">\n\t\t\t\t\t<div class=\"elementor-column elementor-col-25 elementor-inner-column elementor-element elementor-element-1bbeafa\" data-id=\"1bbeafa\" data-element_type=\"column\" data-settings=\"{&quot;background_background&quot;:&quot;classic&quot;}\">\n\t\t\t<div class=\"elementor-widget-wrap elementor-element-populated\">\n\t\t\t\t\t\t<div class=\"elementor-element elementor-element-a968fc3 elementor-widget elementor-widget-image\" data-id=\"a968fc3\" data-element_type=\"widget\" data-widget_type=\"image.default\">\n\t\t\t\t<div class=\"elementor-widget-container\">\n\t\t\t\t\t\t\t\t\t\t\t\t\t\t\t\t<a href=\"https:\/\/feichtner-maschinenbau.de\/category\/rahmenpresse\/\">\n\t\t\t\t\t\t\t<img decoding=\"async\" width=\"317\" height=\"260\" src=\"https:\/\/feichtner-maschinenbau.de\/wp-content\/uploads\/rahmenpresse_teaser.jpeg\" class=\"attachment-full size-full wp-image-1326\" alt srcset=\"https:\/\/feichtner-maschinenbau.de\/wp-content\/uploads\/rahmenpresse_teaser.jpeg 317w, https:\/\/feichtner-maschinenbau.de\/wp-content\/uploads\/rahmenpresse_teaser-300x246.jpeg 300w\" sizes=\"(max-width: 317px) 100vw, 317px\">\t\t\t\t\t\t\t\t<\/a>\n\t\t\t\t\t\t\t\t\t\t\t\t\t\t\t<\/div>\n\t\t\t\t<\/div>\n\t\t\t\t<div class=\"elementor-element elementor-element-b30dbc3 elementor-align-justify elementor-widget elementor-widget-button\" data-id=\"b30dbc3\" data-element_type=\"widget\" data-widget_type=\"button.default\">\n\t\t\t\t<div class=\"elementor-widget-container\">\n\t\t\t\t\t\t\t\t\t<div class=\"elementor-button-wrapper\">\n\t\t\t\t\t<a class=\"elementor-button elementor-button-link elementor-size-md\" href=\"https:\/\/feichtner-maschinenbau.de\/category\/rahmenpresse\/\">\n\t\t\t\t\t\t<span class=\"elementor-button-content-wrapper\">\n\t\t\t\t\t\t\t\t\t<span class=\"elementor-button-text\">PRESSES \u00c0 CADRE<\/span>\n\t\t\t\t\t<\/span>\n\t\t\t\t\t<\/a>\n\t\t\t\t<\/div>\n\t\t\t\t\t\t\t\t<\/div>\n\t\t\t\t<\/div>\n\t\t\t\t\t<\/div>\n\t\t<\/div>\n\t\t\t\t<div class=\"elementor-column elementor-col-25 elementor-inner-column elementor-element elementor-element-88838bd\" data-id=\"88838bd\" data-element_type=\"column\" data-settings=\"{&quot;background_background&quot;:&quot;classic&quot;}\">\n\t\t\t<div class=\"elementor-widget-wrap elementor-element-populated\">\n\t\t\t\t\t\t<div class=\"elementor-element elementor-element-fbded92 elementor-widget elementor-widget-image\" data-id=\"fbded92\" data-element_type=\"widget\" data-widget_type=\"image.default\">\n\t\t\t\t<div class=\"elementor-widget-container\">\n\t\t\t\t\t\t\t\t\t\t\t\t\t\t\t\t<a href=\"https:\/\/feichtner-maschinenbau.de\/category\/verleimpressen\/\">\n\t\t\t\t\t\t\t<img decoding=\"async\" width=\"317\" height=\"260\" src=\"https:\/\/feichtner-maschinenbau.de\/wp-content\/uploads\/verleihmpresse_teaser.jpeg\" class=\"attachment-full size-full wp-image-1328\" alt srcset=\"https:\/\/feichtner-maschinenbau.de\/wp-content\/uploads\/verleihmpresse_teaser.jpeg 317w, https:\/\/feichtner-maschinenbau.de\/wp-content\/uploads\/verleihmpresse_teaser-300x246.jpeg 300w\" sizes=\"(max-width: 317px) 100vw, 317px\">\t\t\t\t\t\t\t\t<\/a>\n\t\t\t\t\t\t\t\t\t\t\t\t\t\t\t<\/div>\n\t\t\t\t<\/div>\n\t\t\t\t<div class=\"elementor-element elementor-element-1e3211a elementor-align-justify elementor-widget elementor-widget-button\" data-id=\"1e3211a\" data-element_type=\"widget\" data-widget_type=\"button.default\">\n\t\t\t\t<div class=\"elementor-widget-container\">\n\t\t\t\t\t\t\t\t\t<div class=\"elementor-button-wrapper\">\n\t\t\t\t\t<a class=\"elementor-button elementor-button-link elementor-size-md\" href=\"https:\/\/feichtner-maschinenbau.de\/category\/verleimpressen\/\">\n\t\t\t\t\t\t<span class=\"elementor-button-content-wrapper\">\n\t\t\t\t\t\t\t\t\t<span class=\"elementor-button-text\">ENCOLLAGE<\/span>\n\t\t\t\t\t<\/span>\n\t\t\t\t\t<\/a>\n\t\t\t\t<\/div>\n\t\t\t\t\t\t\t\t<\/div>\n\t\t\t\t<\/div>\n\t\t\t\t\t<\/div>\n\t\t<\/div>\n\t\t\t\t<div class=\"elementor-column elementor-col-25 elementor-inner-column elementor-element elementor-element-5ed4359\" data-id=\"5ed4359\" data-element_type=\"column\" data-settings=\"{&quot;background_background&quot;:&quot;classic&quot;}\">\n\t\t\t<div class=\"elementor-widget-wrap elementor-element-populated\">\n\t\t\t\t\t\t<div class=\"elementor-element elementor-element-42c5004 elementor-widget elementor-widget-image\" data-id=\"42c5004\" data-element_type=\"widget\" data-widget_type=\"image.default\">\n\t\t\t\t<div class=\"elementor-widget-container\">\n\t\t\t\t\t\t\t\t\t\t\t\t\t\t\t\t<a href=\"https:\/\/feichtner-maschinenbau.de\/category\/scherenhubtische\/\">\n\t\t\t\t\t\t\t<img loading=\"lazy\" decoding=\"async\" width=\"317\" height=\"260\" src=\"https:\/\/feichtner-maschinenbau.de\/wp-content\/uploads\/teaser_scherenhubtisch.jpeg\" class=\"attachment-full size-full wp-image-1330\" alt srcset=\"https:\/\/feichtner-maschinenbau.de\/wp-content\/uploads\/teaser_scherenhubtisch.jpeg 317w, https:\/\/feichtner-maschinenbau.de\/wp-content\/uploads\/teaser_scherenhubtisch-300x246.jpeg 300w\" sizes=\"(max-width: 317px) 100vw, 317px\">\t\t\t\t\t\t\t\t<\/a>\n\t\t\t\t\t\t\t\t\t\t\t\t\t\t\t<\/div>\n\t\t\t\t<\/div>\n\t\t\t\t<div class=\"elementor-element elementor-element-f18dbac elementor-align-justify elementor-widget elementor-widget-button\" data-id=\"f18dbac\" data-element_type=\"widget\" data-widget_type=\"button.default\">\n\t\t\t\t<div class=\"elementor-widget-container\">\n\t\t\t\t\t\t\t\t\t<div class=\"elementor-button-wrapper\">\n\t\t\t\t\t<a class=\"elementor-button elementor-button-link elementor-size-md\" href=\"https:\/\/feichtner-maschinenbau.de\/category\/scherenhubtische\/\">\n\t\t\t\t\t\t<span class=\"elementor-button-content-wrapper\">\n\t\t\t\t\t\t\t\t\t<span class=\"elementor-button-text\">TABLES \u00c9L\u00c9VATRICES \u00c0 CISEAUX<\/span>\n\t\t\t\t\t<\/span>\n\t\t\t\t\t<\/a>\n\t\t\t\t<\/div>\n\t\t\t\t\t\t\t\t<\/div>\n\t\t\t\t<\/div>\n\t\t\t\t\t<\/div>\n\t\t<\/div>\n\t\t\t\t<div class=\"elementor-column elementor-col-25 elementor-inner-column elementor-element elementor-element-4367b92\" data-id=\"4367b92\" data-element_type=\"column\" data-settings=\"{&quot;background_background&quot;:&quot;classic&quot;}\">\n\t\t\t<div class=\"elementor-widget-wrap elementor-element-populated\">\n\t\t\t\t\t\t<div class=\"elementor-element elementor-element-13fb616 elementor-widget elementor-widget-image\" data-id=\"13fb616\" data-element_type=\"widget\" data-widget_type=\"image.default\">\n\t\t\t\t<div class=\"elementor-widget-container\">\n\t\t\t\t\t\t\t\t\t\t\t\t\t\t\t\t<a href=\"https:\/\/feichtner-maschinenbau.de\/category\/sonderanfertigungen\/\">\n\t\t\t\t\t\t\t<img loading=\"lazy\" decoding=\"async\" width=\"317\" height=\"260\" src=\"https:\/\/feichtner-maschinenbau.de\/wp-content\/uploads\/teaser_sonderanfertigung.jpeg\" class=\"attachment-full size-full wp-image-1332\" alt srcset=\"https:\/\/feichtner-maschinenbau.de\/wp-content\/uploads\/teaser_sonderanfertigung.jpeg 317w, https:\/\/feichtner-maschinenbau.de\/wp-content\/uploads\/teaser_sonderanfertigung-300x246.jpeg 300w\" sizes=\"(max-width: 317px) 100vw, 317px\">\t\t\t\t\t\t\t\t<\/a>\n\t\t\t\t\t\t\t\t\t\t\t\t\t\t\t<\/div>\n\t\t\t\t<\/div>\n\t\t\t\t<div class=\"elementor-element elementor-element-19be1c2 elementor-align-justify elementor-widget elementor-widget-button\" data-id=\"19be1c2\" data-element_type=\"widget\" data-widget_type=\"button.default\">\n\t\t\t\t<div class=\"elementor-widget-container\">\n\t\t\t\t\t\t\t\t\t<div class=\"elementor-button-wrapper\">\n\t\t\t\t\t<a class=\"elementor-button elementor-button-link elementor-size-md\" href=\"https:\/\/feichtner-maschinenbau.de\/category\/sonderanfertigungen\/\">\n\t\t\t\t\t\t<span class=\"elementor-button-content-wrapper\">\n\t\t\t\t\t\t\t\t\t<span class=\"elementor-button-text\">FABRICATIONS SP\u00c9CIALES<\/span>\n\t\t\t\t\t<\/span>\n\t\t\t\t\t<\/a>\n\t\t\t\t<\/div>\n\t\t\t\t\t\t\t\t<\/div>\n\t\t\t\t<\/div>\n\t\t\t\t\t<\/div>\n\t\t<\/div>\n\t\t\t\t\t<\/div>\n\t\t<\/section>\n\t\t\t\t\t<\/div>\n\t\t<\/div>\n\t\t\t\t\t<\/div>\n\t\t<\/section>\n\t\t\t\t<\/div>\n\t\t","protected":false},"excerpt":{"rendered":"<p>Nos pro\u00adduits pour les menuis\u00aderies et le tra\u00advail du bois \u2014 Feicht\u00adner Maschi\u00adnen\u00adbau Depuis plus de 30 ans, nous d\u00e9velop\u00adpons et pro\u00adduisons \u00e0 Feicht\u00aden an der Alz des solu\u00adtions de machines de pre\u00admi\u00e8re classe pour les menuisiers et le traite\u00adment du bois ain\u00adsi que pour les entre\u00adpris\u00ades dans le domaine des meubles, des portes et [\u2026]<\/p>\n","protected":false},"author":4,"featured_media":0,"parent":0,"menu_order":0,"comment_status":"closed","ping_status":"closed","template":"","meta":{"wp_typography_post_enhancements_disabled":false,"footnotes":""},"class_list":["post-1566","page","type-page","status-publish","hentry"],"yoast_head":"<!-- This site is optimized with the Yoast SEO plugin v26.3 - https:\/\/yoast.com\/wordpress\/plugins\/seo\/ -->\n<title>Aper\u00e7u des produits Feichtner Maschinenbau<\/title>\n<meta name=\"description\" content=\"Presses \u00e0 encoller robustes, presses \u00e0 cadres, presses \u00e0 corps, presses \u00e0 vide, tables \u00e9l\u00e9vatrices ainsi que des \u00e9quipements d&#039;atelier et des solutions sur mesure.\" \/>\n<meta name=\"robots\" content=\"index, follow, max-snippet:-1, max-image-preview:large, max-video-preview:-1\" \/>\n<link rel=\"canonical\" href=\"https:\/\/feichtner-maschinenbau.de\/produkte\/\" \/>\n<meta property=\"og:locale\" content=\"fr_FR\" \/>\n<meta property=\"og:type\" content=\"article\" \/>\n<meta property=\"og:title\" content=\"Aper\u00e7u des produits Feichtner Maschinenbau\" \/>\n<meta property=\"og:description\" content=\"Presses \u00e0 encoller robustes, presses \u00e0 cadres, presses \u00e0 corps, presses \u00e0 vide, tables \u00e9l\u00e9vatrices ainsi que des \u00e9quipements d&#039;atelier et des solutions sur mesure.\" \/>\n<meta property=\"og:url\" content=\"https:\/\/feichtner-maschinenbau.de\/produkte\/\" \/>\n<meta property=\"og:site_name\" content=\"Feichtner Maschinenbau\" \/>\n<meta property=\"article:modified_time\" content=\"2023-09-20T05:37:43+00:00\" \/>\n<meta property=\"og:image\" content=\"https:\/\/feichtner-maschinenbau.de\/wp-content\/uploads\/produkte_header.jpg\" \/>\n<meta name=\"twitter:card\" content=\"summary_large_image\" \/>\n<meta name=\"twitter:label1\" content=\"Dur\u00e9e de lecture estim\u00e9e\" \/>\n\t<meta name=\"twitter:data1\" content=\"1 minute\" \/>\n<script type=\"application\/ld+json\" class=\"yoast-schema-graph\">{\"@context\":\"https:\/\/schema.org\",\"@graph\":[{\"@type\":\"WebPage\",\"@id\":\"https:\/\/feichtner-maschinenbau.de\/produkte\/\",\"url\":\"https:\/\/feichtner-maschinenbau.de\/produkte\/\",\"name\":\"Aper\u00e7u des produits Feichtner Maschinenbau\",\"isPartOf\":{\"@id\":\"https:\/\/feichtner-maschinenbau.de\/#website\"},\"primaryImageOfPage\":{\"@id\":\"https:\/\/feichtner-maschinenbau.de\/produkte\/#primaryimage\"},\"image\":{\"@id\":\"https:\/\/feichtner-maschinenbau.de\/produkte\/#primaryimage\"},\"thumbnailUrl\":\"https:\/\/feichtner-maschinenbau.de\/wp-content\/uploads\/produkte_header.jpg\",\"datePublished\":\"2023-01-17T16:26:41+00:00\",\"dateModified\":\"2023-09-20T05:37:43+00:00\",\"description\":\"Presses \u00e0 encoller robustes, presses \u00e0 cadres, presses \u00e0 corps, presses \u00e0 vide, tables \u00e9l\u00e9vatrices ainsi que des \u00e9quipements d'atelier et des solutions sur mesure.\",\"breadcrumb\":{\"@id\":\"https:\/\/feichtner-maschinenbau.de\/produkte\/#breadcrumb\"},\"inLanguage\":\"fr-FR\",\"potentialAction\":[{\"@type\":\"ReadAction\",\"target\":[\"https:\/\/feichtner-maschinenbau.de\/produkte\/\"]}]},{\"@type\":\"ImageObject\",\"inLanguage\":\"fr-FR\",\"@id\":\"https:\/\/feichtner-maschinenbau.de\/produkte\/#primaryimage\",\"url\":\"https:\/\/feichtner-maschinenbau.de\/wp-content\/uploads\/produkte_header.jpg\",\"contentUrl\":\"https:\/\/feichtner-maschinenbau.de\/wp-content\/uploads\/produkte_header.jpg\"},{\"@type\":\"BreadcrumbList\",\"@id\":\"https:\/\/feichtner-maschinenbau.de\/produkte\/#breadcrumb\",\"itemListElement\":[{\"@type\":\"ListItem\",\"position\":1,\"name\":\"Startseite\",\"item\":\"https:\/\/feichtner-maschinenbau.de\/\"},{\"@type\":\"ListItem\",\"position\":2,\"name\":\"Produits\"}]},{\"@type\":\"WebSite\",\"@id\":\"https:\/\/feichtner-maschinenbau.de\/#website\",\"url\":\"https:\/\/feichtner-maschinenbau.de\/\",\"name\":\"Feichtner Maschinenbau\",\"description\":\"Spezialist f\u00fcr Rahmen-, Verleim- und Korpuspressen\",\"publisher\":{\"@id\":\"https:\/\/feichtner-maschinenbau.de\/#organization\"},\"potentialAction\":[{\"@type\":\"SearchAction\",\"target\":{\"@type\":\"EntryPoint\",\"urlTemplate\":\"https:\/\/feichtner-maschinenbau.de\/?s={search_term_string}\"},\"query-input\":{\"@type\":\"PropertyValueSpecification\",\"valueRequired\":true,\"valueName\":\"search_term_string\"}}],\"inLanguage\":\"fr-FR\"},{\"@type\":\"Organization\",\"@id\":\"https:\/\/feichtner-maschinenbau.de\/#organization\",\"name\":\"Feichnter Maschinenbau\",\"alternateName\":\"Maschinenbau f\u00fcr Schreinereien und die Holzverabeitung\",\"url\":\"https:\/\/feichtner-maschinenbau.de\/\",\"logo\":{\"@type\":\"ImageObject\",\"inLanguage\":\"fr-FR\",\"@id\":\"https:\/\/feichtner-maschinenbau.de\/#\/schema\/logo\/image\/\",\"url\":\"https:\/\/feichtner-maschinenbau.de\/wp-content\/uploads\/logo-feichtner.screen.jpg\",\"contentUrl\":\"https:\/\/feichtner-maschinenbau.de\/wp-content\/uploads\/logo-feichtner.screen.jpg\",\"width\":358,\"height\":85,\"caption\":\"Feichnter Maschinenbau\"},\"image\":{\"@id\":\"https:\/\/feichtner-maschinenbau.de\/#\/schema\/logo\/image\/\"}}]}<\/script>\n<!-- \/ Yoast SEO plugin. -->","yoast_head_json":{"title":"Aper\u00e7u des produits Feichtner Maschinenbau","description":"Presses \u00e0 encoller robustes, presses \u00e0 cadres, presses \u00e0 corps, presses \u00e0 vide, tables \u00e9l\u00e9vatrices ainsi que des \u00e9quipements d'atelier et des solutions sur mesure.","robots":{"index":"index","follow":"follow","max-snippet":"max-snippet:-1","max-image-preview":"max-image-preview:large","max-video-preview":"max-video-preview:-1"},"canonical":"https:\/\/feichtner-maschinenbau.de\/produkte\/","og_locale":"fr_FR","og_type":"article","og_title":"Aper\u00e7u des produits Feichtner Maschinenbau","og_description":"Presses \u00e0 encoller robustes, presses \u00e0 cadres, presses \u00e0 corps, presses \u00e0 vide, tables \u00e9l\u00e9vatrices ainsi que des \u00e9quipements d'atelier et des solutions sur mesure.","og_url":"https:\/\/feichtner-maschinenbau.de\/produkte\/","og_site_name":"Feichtner Maschinenbau","article_modified_time":"2023-09-20T05:37:43+00:00","og_image":[{"url":"https:\/\/feichtner-maschinenbau.de\/wp-content\/uploads\/produkte_header.jpg","type":"","width":"","height":""}],"twitter_card":"summary_large_image","twitter_misc":{"Dur\u00e9e de lecture estim\u00e9e":"1 minute"},"schema":{"@context":"https:\/\/schema.org","@graph":[{"@type":"WebPage","@id":"https:\/\/feichtner-maschinenbau.de\/produkte\/","url":"https:\/\/feichtner-maschinenbau.de\/produkte\/","name":"Aper\u00e7u des produits Feichtner Maschinenbau","isPartOf":{"@id":"https:\/\/feichtner-maschinenbau.de\/#website"},"primaryImageOfPage":{"@id":"https:\/\/feichtner-maschinenbau.de\/produkte\/#primaryimage"},"image":{"@id":"https:\/\/feichtner-maschinenbau.de\/produkte\/#primaryimage"},"thumbnailUrl":"https:\/\/feichtner-maschinenbau.de\/wp-content\/uploads\/produkte_header.jpg","datePublished":"2023-01-17T16:26:41+00:00","dateModified":"2023-09-20T05:37:43+00:00","description":"Presses \u00e0 encoller robustes, presses \u00e0 cadres, presses \u00e0 corps, presses \u00e0 vide, tables \u00e9l\u00e9vatrices ainsi que des \u00e9quipements d'atelier et des solutions sur mesure.","breadcrumb":{"@id":"https:\/\/feichtner-maschinenbau.de\/produkte\/#breadcrumb"},"inLanguage":"fr-FR","potentialAction":[{"@type":"ReadAction","target":["https:\/\/feichtner-maschinenbau.de\/produkte\/"]}]},{"@type":"ImageObject","inLanguage":"fr-FR","@id":"https:\/\/feichtner-maschinenbau.de\/produkte\/#primaryimage","url":"https:\/\/feichtner-maschinenbau.de\/wp-content\/uploads\/produkte_header.jpg","contentUrl":"https:\/\/feichtner-maschinenbau.de\/wp-content\/uploads\/produkte_header.jpg"},{"@type":"BreadcrumbList","@id":"https:\/\/feichtner-maschinenbau.de\/produkte\/#breadcrumb","itemListElement":[{"@type":"ListItem","position":1,"name":"Startseite","item":"https:\/\/feichtner-maschinenbau.de\/"},{"@type":"ListItem","position":2,"name":"Produits"}]},{"@type":"WebSite","@id":"https:\/\/feichtner-maschinenbau.de\/#website","url":"https:\/\/feichtner-maschinenbau.de\/","name":"Feichtner Maschinenbau","description":"Spezialist f\u00fcr Rahmen-, Verleim- und Korpuspressen","publisher":{"@id":"https:\/\/feichtner-maschinenbau.de\/#organization"},"potentialAction":[{"@type":"SearchAction","target":{"@type":"EntryPoint","urlTemplate":"https:\/\/feichtner-maschinenbau.de\/?s={search_term_string}"},"query-input":{"@type":"PropertyValueSpecification","valueRequired":true,"valueName":"search_term_string"}}],"inLanguage":"fr-FR"},{"@type":"Organization","@id":"https:\/\/feichtner-maschinenbau.de\/#organization","name":"Feichnter Maschinenbau","alternateName":"Maschinenbau f\u00fcr Schreinereien und die Holzverabeitung","url":"https:\/\/feichtner-maschinenbau.de\/","logo":{"@type":"ImageObject","inLanguage":"fr-FR","@id":"https:\/\/feichtner-maschinenbau.de\/#\/schema\/logo\/image\/","url":"https:\/\/feichtner-maschinenbau.de\/wp-content\/uploads\/logo-feichtner.screen.jpg","contentUrl":"https:\/\/feichtner-maschinenbau.de\/wp-content\/uploads\/logo-feichtner.screen.jpg","width":358,"height":85,"caption":"Feichnter Maschinenbau"},"image":{"@id":"https:\/\/feichtner-maschinenbau.de\/#\/schema\/logo\/image\/"}}]}},"_links":{"self":[{"href":"https:\/\/feichtner-maschinenbau.de\/fr\/wp-json\/wp\/v2\/pages\/1566","targetHints":{"allow":["GET"]}}],"collection":[{"href":"https:\/\/feichtner-maschinenbau.de\/fr\/wp-json\/wp\/v2\/pages"}],"about":[{"href":"https:\/\/feichtner-maschinenbau.de\/fr\/wp-json\/wp\/v2\/types\/page"}],"author":[{"embeddable":true,"href":"https:\/\/feichtner-maschinenbau.de\/fr\/wp-json\/wp\/v2\/users\/4"}],"replies":[{"embeddable":true,"href":"https:\/\/feichtner-maschinenbau.de\/fr\/wp-json\/wp\/v2\/comments?post=1566"}],"version-history":[{"count":0,"href":"https:\/\/feichtner-maschinenbau.de\/fr\/wp-json\/wp\/v2\/pages\/1566\/revisions"}],"wp:attachment":[{"href":"https:\/\/feichtner-maschinenbau.de\/fr\/wp-json\/wp\/v2\/media?parent=1566"}],"curies":[{"name":"wp","href":"https:\/\/api.w.org\/{rel}","templated":true}]}}